{"id":372,"date":"2020-11-29T21:50:09","date_gmt":"2020-11-29T21:50:09","guid":{"rendered":"https:\/\/externagrup.com\/?page_id=372"},"modified":"2025-12-23T15:28:02","modified_gmt":"2025-12-23T15:28:02","slug":"gestio-de-residus","status":"publish","type":"page","link":"https:\/\/externagrup.com\/ca\/gestio-de-residus\/","title":{"rendered":"Gesti\u00f3 de Residus"},"content":{"rendered":"\t\t<div data-elementor-type=\"wp-page\" data-elementor-id=\"372\" class=\"elementor elementor-372 elementor-158\" data-elementor-post-type=\"page\">\n\t\t\t\t\t\t<section class=\"elementor-section elementor-top-section elementor-element elementor-element-8c20d8c elementor-section-boxed elementor-section-height-default elementor-section-height-default\" data-id=\"8c20d8c\" data-element_type=\"section\">\n\t\t\t\t\t\t<div class=\"elementor-container elementor-column-gap-default\">\n\t\t\t\t\t<div class=\"elementor-column elementor-col-100 elementor-top-column elementor-element elementor-element-ef39ead\" data-id=\"ef39ead\" data-element_type=\"column\" data-settings=\"{&quot;background_background&quot;:&quot;classic&quot;}\">\n\t\t\t<div class=\"elementor-widget-wrap elementor-element-populated\">\n\t\t\t\t\t<div class=\"elementor-background-overlay\"><\/div>\n\t\t\t\t\t\t<section class=\"elementor-section elementor-inner-section elementor-element elementor-element-9e97740 elementor-section-boxed elementor-section-height-default elementor-section-height-default\" data-id=\"9e97740\" data-element_type=\"section\">\n\t\t\t\t\t\t<div class=\"elementor-container elementor-column-gap-default\">\n\t\t\t\t\t<div class=\"elementor-column elementor-col-50 elementor-inner-column elementor-element elementor-element-adf3d54\" data-id=\"adf3d54\" data-element_type=\"column\" data-settings=\"{&quot;background_background&quot;:&quot;classic&quot;}\">\n\t\t\t<div class=\"elementor-widget-wrap elementor-element-populated\">\n\t\t\t\t\t\t<div class=\"elementor-element elementor-element-8641b09 elementor-widget elementor-widget-heading\" data-id=\"8641b09\" data-element_type=\"widget\" data-widget_type=\"heading.default\">\n\t\t\t\t<div class=\"elementor-widget-container\">\n\t\t\t\t\t<h2 class=\"elementor-heading-title elementor-size-default\">GESTI\u00d3 DE RESIDUS<\/h2>\t\t\t\t<\/div>\n\t\t\t\t<\/div>\n\t\t\t\t<div class=\"elementor-element elementor-element-fef6c12 elementor-widget elementor-widget-text-editor\" data-id=\"fef6c12\" data-element_type=\"widget\" data-widget_type=\"text-editor.default\">\n\t\t\t\t<div class=\"elementor-widget-container\">\n\t\t\t\t\t\t\t\t\t<p>Gr\u00e0cies als coneixements adquirits al llarg d\u2019aquest temps, Externa Grup garanteix la correcta gesti\u00f3 i tra\u00e7abilitat dels residus generats pels nostres clients.<\/p>\t\t\t\t\t\t\t\t<\/div>\n\t\t\t\t<\/div>\n\t\t\t\t<div class=\"elementor-element elementor-element-59092e0 elementor-widget elementor-widget-button\" data-id=\"59092e0\" data-element_type=\"widget\" data-widget_type=\"button.default\">\n\t\t\t\t<div class=\"elementor-widget-container\">\n\t\t\t\t\t\t\t\t\t<div class=\"elementor-button-wrapper\">\n\t\t\t\t\t<a class=\"elementor-button elementor-button-link elementor-size-md\" href=\"https:\/\/externagrup.com\/?page_id=291\">\n\t\t\t\t\t\t<span class=\"elementor-button-content-wrapper\">\n\t\t\t\t\t\t\t\t\t<span class=\"elementor-button-text\">SOLICITAR RECOLLIDA<\/span>\n\t\t\t\t\t<\/span>\n\t\t\t\t\t<\/a>\n\t\t\t\t<\/div>\n\t\t\t\t\t\t\t\t<\/div>\n\t\t\t\t<\/div>\n\t\t\t\t\t<\/div>\n\t\t<\/div>\n\t\t\t\t<div class=\"elementor-column elementor-col-50 elementor-inner-column elementor-element elementor-element-90cab44\" data-id=\"90cab44\" data-element_type=\"column\">\n\t\t\t<div class=\"elementor-widget-wrap\">\n\t\t\t\t\t\t\t<\/div>\n\t\t<\/div>\n\t\t\t\t\t<\/div>\n\t\t<\/section>\n\t\t\t\t\t<\/div>\n\t\t<\/div>\n\t\t\t\t\t<\/div>\n\t\t<\/section>\n\t\t\t\t<section class=\"elementor-section elementor-top-section elementor-element elementor-element-4b973ca elementor-section-boxed elementor-section-height-default elementor-section-height-default\" data-id=\"4b973ca\" data-element_type=\"section\" data-settings=\"{&quot;background_background&quot;:&quot;classic&quot;}\">\n\t\t\t\t\t\t\t<div class=\"elementor-background-overlay\"><\/div>\n\t\t\t\t\t\t\t<div class=\"elementor-container elementor-column-gap-default\">\n\t\t\t\t\t<div class=\"elementor-column elementor-col-50 elementor-top-column elementor-element elementor-element-8696991\" data-id=\"8696991\" data-element_type=\"column\">\n\t\t\t<div class=\"elementor-widget-wrap elementor-element-populated\">\n\t\t\t\t\t\t<div class=\"elementor-element elementor-element-9aa4e68 elementor-widget elementor-widget-text-editor\" data-id=\"9aa4e68\" data-element_type=\"widget\" data-widget_type=\"text-editor.default\">\n\t\t\t\t<div class=\"elementor-widget-container\">\n\t\t\t\t\t\t\t\t\t<p>Treballem amb tot tipus de residus i per a una gran quantitat de clients per garantir, gr\u00e0cies als nostres coneixements avalats per les certificacions corresponents de l\u2019Ag\u00e8ncia Catalana de Residus, un correcte transport i gesti\u00f3 per als nostres clients.<\/p><p>Treballem per a empreses, particulars, ajuntaments, consells comarcals, escoles, instituts, centres de transfer\u00e8ncia i centres de recollida de deixalles.<\/p>\t\t\t\t\t\t\t\t<\/div>\n\t\t\t\t<\/div>\n\t\t\t\t\t<\/div>\n\t\t<\/div>\n\t\t\t\t<div class=\"elementor-column elementor-col-50 elementor-top-column elementor-element elementor-element-5bd2a92\" data-id=\"5bd2a92\" data-element_type=\"column\">\n\t\t\t<div class=\"elementor-widget-wrap elementor-element-populated\">\n\t\t\t\t\t\t<div class=\"elementor-element elementor-element-d5b76e2 elementor-widget elementor-widget-text-editor\" data-id=\"d5b76e2\" data-element_type=\"widget\" data-widget_type=\"text-editor.default\">\n\t\t\t\t<div class=\"elementor-widget-container\">\n\t\t\t\t\t\t\t\t\t<p>Qualsevol residu originat tant en l\u2019\u00e0mbit familiar com p\u00fablic est\u00e0 classificat en diferents grups, el que marca el seu tractament en qualsevol planta i a Externa treballem amb qualsevol tipus de residus, ja sigui perill\u00f3s o no perill\u00f3s.<\/p><p>Majorit\u00e0riament, Externa Grup, s\u2019encarrega del transport i gesti\u00f3 \u00a0dels residus, encara que en els seg\u00fcents tipus de residus que li detallem podem oferir-li els recursos extres que li detallem a continuaci\u00f3.<\/p>\t\t\t\t\t\t\t\t<\/div>\n\t\t\t\t<\/div>\n\t\t\t\t<div class=\"elementor-element elementor-element-012525f elementor-widget elementor-widget-button\" data-id=\"012525f\" data-element_type=\"widget\" data-widget_type=\"button.default\">\n\t\t\t\t<div class=\"elementor-widget-container\">\n\t\t\t\t\t\t\t\t\t<div class=\"elementor-button-wrapper\">\n\t\t\t\t\t<a class=\"elementor-button elementor-button-link elementor-size-md\" href=\"https:\/\/externagrup.com\/?page_id=360&#038;lang=ca\">\n\t\t\t\t\t\t<span class=\"elementor-button-content-wrapper\">\n\t\t\t\t\t\t\t\t\t<span class=\"elementor-button-text\">COM HO FEM<\/span>\n\t\t\t\t\t<\/span>\n\t\t\t\t\t<\/a>\n\t\t\t\t<\/div>\n\t\t\t\t\t\t\t\t<\/div>\n\t\t\t\t<\/div>\n\t\t\t\t\t<\/div>\n\t\t<\/div>\n\t\t\t\t\t<\/div>\n\t\t<\/section>\n\t\t\t\t<section class=\"elementor-section elementor-top-section elementor-element elementor-element-9af482d elementor-section-boxed elementor-section-height-default elementor-section-height-default\" data-id=\"9af482d\" data-element_type=\"section\" data-settings=\"{&quot;background_background&quot;:&quot;classic&quot;}\">\n\t\t\t\t\t\t<div class=\"elementor-container elementor-column-gap-default\">\n\t\t\t\t\t<div class=\"elementor-column elementor-col-100 elementor-top-column elementor-element elementor-element-280f143\" data-id=\"280f143\" data-element_type=\"column\" data-settings=\"{&quot;background_background&quot;:&quot;classic&quot;}\">\n\t\t\t<div class=\"elementor-widget-wrap elementor-element-populated\">\n\t\t\t\t\t\t<section class=\"elementor-section elementor-inner-section elementor-element elementor-element-66c69b7 elementor-section-boxed elementor-section-height-default elementor-section-height-default\" data-id=\"66c69b7\" data-element_type=\"section\">\n\t\t\t\t\t\t<div class=\"elementor-container elementor-column-gap-default\">\n\t\t\t\t\t<div class=\"elementor-column elementor-col-50 elementor-inner-column elementor-element elementor-element-013fe07\" data-id=\"013fe07\" data-element_type=\"column\" data-settings=\"{&quot;background_background&quot;:&quot;classic&quot;}\">\n\t\t\t<div class=\"elementor-widget-wrap elementor-element-populated\">\n\t\t\t\t\t\t<div class=\"elementor-element elementor-element-7bfa6f7 elementor-widget elementor-widget-heading\" data-id=\"7bfa6f7\" data-element_type=\"widget\" data-widget_type=\"heading.default\">\n\t\t\t\t<div class=\"elementor-widget-container\">\n\t\t\t\t\t<h2 class=\"elementor-heading-title elementor-size-default\">Gesti\u00f3 de Residus Electr\u00f2nics (RAEE)<\/h2>\t\t\t\t<\/div>\n\t\t\t\t<\/div>\n\t\t\t\t<div class=\"elementor-element elementor-element-1536b23 elementor-widget elementor-widget-text-editor\" data-id=\"1536b23\" data-element_type=\"widget\" data-widget_type=\"text-editor.default\">\n\t\t\t\t<div class=\"elementor-widget-container\">\n\t\t\t\t\t\t\t\t\t<p>A tota Europa els consumibles de t\u00f2ner i tinta s\u00f3n classificats com a Residus Industrials Ordinaris. La directiva 2008\/98\/CE del Parlament Europeu recomana a tots els productors\/gestors la prevenci\u00f3 dels residus, la reutilitzaci\u00f3 dels mateixos, el reciclatge, la valoritzaci\u00f3 i per \u00faltim la eliminaci\u00f3 dels residus, per aquest ordre d\u2019import\u00e0ncia.<\/p><p>EXTERNA Grup treballa per quedar englobada al segon nivell, es a dir, recollir consumibles de t\u00f2ner i tinta buits per tal de poder facilitar la seva reutilitzaci\u00f3.<\/p><p>A m\u00e9s, segons la mesura aplicada el 20 de Febrer de 2015, Real Decret 110\/2015, els consumibles de t\u00f2ner i tinta passaven a transformar-se en aparells el\u00e8ctrics i electr\u00f2nics (RAEE). Aquesta mesura va ser aplicada per tal de poder complir amb les obligacions derivades de la nova regulaci\u00f3 europea de RAEE i per superar les insufici\u00e8ncies detectades sobre la gesti\u00f3 d\u2019aquests residus.<\/p><p>EXTERNA Grup ha treballat des dels inicis de l\u2019aplicaci\u00f3 d\u2019aquest nou Real Decret, per tal d\u2019adaptar-se correctament i poder continuant donant una bona resposta als seus clients.<\/p>\t\t\t\t\t\t\t\t<\/div>\n\t\t\t\t<\/div>\n\t\t\t\t\t<\/div>\n\t\t<\/div>\n\t\t\t\t<div class=\"elementor-column elementor-col-50 elementor-inner-column elementor-element elementor-element-5a065db elementor-hidden-phone\" data-id=\"5a065db\" data-element_type=\"column\" data-settings=\"{&quot;background_background&quot;:&quot;classic&quot;}\">\n\t\t\t<div class=\"elementor-widget-wrap\">\n\t\t\t\t\t<div class=\"elementor-background-overlay\"><\/div>\n\t\t\t\t\t\t\t<\/div>\n\t\t<\/div>\n\t\t\t\t\t<\/div>\n\t\t<\/section>\n\t\t\t\t\t<\/div>\n\t\t<\/div>\n\t\t\t\t\t<\/div>\n\t\t<\/section>\n\t\t\t\t<section class=\"elementor-section elementor-top-section elementor-element elementor-element-2218255 elementor-section-boxed elementor-section-height-default elementor-section-height-default\" data-id=\"2218255\" data-element_type=\"section\" data-settings=\"{&quot;background_background&quot;:&quot;classic&quot;}\">\n\t\t\t\t\t\t<div class=\"elementor-container elementor-column-gap-default\">\n\t\t\t\t\t<div class=\"elementor-column elementor-col-100 elementor-top-column elementor-element elementor-element-666d377\" data-id=\"666d377\" data-element_type=\"column\" data-settings=\"{&quot;background_background&quot;:&quot;classic&quot;}\">\n\t\t\t<div class=\"elementor-widget-wrap elementor-element-populated\">\n\t\t\t\t\t\t<section class=\"elementor-section elementor-inner-section elementor-element elementor-element-fe273b7 elementor-reverse-mobile elementor-section-boxed elementor-section-height-default elementor-section-height-default\" data-id=\"fe273b7\" data-element_type=\"section\">\n\t\t\t\t\t\t<div class=\"elementor-container elementor-column-gap-default\">\n\t\t\t\t\t<div class=\"elementor-column elementor-col-50 elementor-inner-column elementor-element elementor-element-9faf780 elementor-hidden-phone\" data-id=\"9faf780\" data-element_type=\"column\" data-settings=\"{&quot;background_background&quot;:&quot;classic&quot;}\">\n\t\t\t<div class=\"elementor-widget-wrap\">\n\t\t\t\t\t<div class=\"elementor-background-overlay\"><\/div>\n\t\t\t\t\t\t\t<\/div>\n\t\t<\/div>\n\t\t\t\t<div class=\"elementor-column elementor-col-50 elementor-inner-column elementor-element elementor-element-8e4149d\" data-id=\"8e4149d\" data-element_type=\"column\" data-settings=\"{&quot;background_background&quot;:&quot;classic&quot;}\">\n\t\t\t<div class=\"elementor-widget-wrap elementor-element-populated\">\n\t\t\t\t\t\t<div class=\"elementor-element elementor-element-d7f01f4 elementor-widget elementor-widget-heading\" data-id=\"d7f01f4\" data-element_type=\"widget\" data-widget_type=\"heading.default\">\n\t\t\t\t<div class=\"elementor-widget-container\">\n\t\t\t\t\t<h2 class=\"elementor-heading-title elementor-size-default\">Transport i destrucci\u00f3 de documentaci\u00f3 i arxius<\/h2>\t\t\t\t<\/div>\n\t\t\t\t<\/div>\n\t\t\t\t<div class=\"elementor-element elementor-element-bb6ee7c elementor-widget elementor-widget-text-editor\" data-id=\"bb6ee7c\" data-element_type=\"widget\" data-widget_type=\"text-editor.default\">\n\t\t\t\t<div class=\"elementor-widget-container\">\n\t\t\t\t\t\t\t\t\t<p>Dintre de la divisi\u00f3 de Transport i Gesti\u00f3 de Residus, EXTERNA Grup ofereix un servei especialitzat per la destrucci\u00f3 de documents confidencials. Aquest sistema el nombrem DESTRU-C-DOC.<\/p><p>Aquest sistema de DESTRU-C-DOC imposa la trituraci\u00f3 dels documents en part\u00edcules, segons Nivell 3-4 de la norma DIN 32757. Aquesta destrucci\u00f3 es produeix a les instal\u00b7lacions del Gestor Homologat, on es disposen de diferents molins i destructores certificades, amb capacitat de destrucci\u00f3 de 1.450 kg\/h.<\/p><p>Segons les necessitats dels nostres clients, dipositem contenidors especials de seguretat a les seves instal\u00b7lacions, per tal de poder abocar els documents de forma controlada.<\/p><p>A m\u00e9s, en tot moment facilitem als nostres clients un certificat de destrucci\u00f3 dels documents, per garantir la correcta tra\u00e7abilitat del residu.<\/p>\t\t\t\t\t\t\t\t<\/div>\n\t\t\t\t<\/div>\n\t\t\t\t\t<\/div>\n\t\t<\/div>\n\t\t\t\t\t<\/div>\n\t\t<\/section>\n\t\t\t\t\t<\/div>\n\t\t<\/div>\n\t\t\t\t\t<\/div>\n\t\t<\/section>\n\t\t\t\t<section class=\"elementor-section elementor-top-section elementor-element elementor-element-edbf732 elementor-section-height-min-height elementor-section-boxed elementor-section-height-default elementor-section-items-middle\" data-id=\"edbf732\" data-element_type=\"section\" data-settings=\"{&quot;background_background&quot;:&quot;gradient&quot;}\">\n\t\t\t\t\t\t<div class=\"elementor-container elementor-column-gap-default\">\n\t\t\t\t\t<div class=\"elementor-column elementor-col-100 elementor-top-column elementor-element elementor-element-c1bbfd7\" data-id=\"c1bbfd7\" data-element_type=\"column\">\n\t\t\t<div class=\"elementor-widget-wrap\">\n\t\t\t\t\t\t\t<\/div>\n\t\t<\/div>\n\t\t\t\t\t<\/div>\n\t\t<\/section>\n\t\t\t\t<\/div>\n\t\t","protected":false},"excerpt":{"rendered":"<p>GESTI\u00d3 DE RESIDUS Gr\u00e0cies als coneixements adquirits al llarg d\u2019aquest temps, Externa Grup garanteix la correcta gesti\u00f3 i tra\u00e7abilitat dels residus generats pels nostres clients. SOLICITAR RECOLLIDA Treballem amb tot tipus de residus i per a una gran quantitat de clients per garantir, gr\u00e0cies als nostres coneixements avalats per les certificacions corresponents de l\u2019Ag\u00e8ncia Catalana &#8230; <a title=\"Gesti\u00f3 de Residus\" class=\"read-more\" href=\"https:\/\/externagrup.com\/ca\/gestio-de-residus\/\" aria-label=\"M\u00e9s informaci\u00f3 sobre Gesti\u00f3 de Residus\">Llegiu m\u00e9s<\/a><\/p>\n","protected":false},"author":1,"featured_media":0,"parent":0,"menu_order":0,"comment_status":"closed","ping_status":"closed","template":"elementor_header_footer","meta":{"_joinchat":[],"footnotes":""},"class_list":["post-372","page","type-page","status-publish"],"yoast_head":"<!-- This site is optimized with the Yoast SEO plugin v26.6 - https:\/\/yoast.com\/wordpress\/plugins\/seo\/ -->\n<title>Gesti\u00f3 de Residus - Externa Grup<\/title>\n<meta name=\"description\" content=\"Gr\u00e0cies a m\u00e9s de 25 anys d&#039;experi\u00e8ncia, a Externa Grup garantim la correcta gesti\u00f3 de residus generats pels nostres clients.\" \/>\n<meta name=\"robots\" content=\"index, follow, max-snippet:-1, max-image-preview:large, max-video-preview:-1\" \/>\n<link rel=\"canonical\" href=\"https:\/\/externagrup.com\/ca\/gestio-de-residus\/\" \/>\n<meta property=\"og:locale\" content=\"ca_ES\" \/>\n<meta property=\"og:type\" content=\"article\" \/>\n<meta property=\"og:title\" content=\"Gesti\u00f3 de Residus - Externa Grup\" \/>\n<meta property=\"og:description\" content=\"Gr\u00e0cies a m\u00e9s de 25 anys d&#039;experi\u00e8ncia, a Externa Grup garantim la correcta gesti\u00f3 de residus generats pels nostres clients.\" \/>\n<meta property=\"og:url\" content=\"https:\/\/externagrup.com\/ca\/gestio-de-residus\/\" \/>\n<meta property=\"og:site_name\" content=\"Externa Grup\" \/>\n<meta property=\"article:modified_time\" content=\"2025-12-23T15:28:02+00:00\" \/>\n<meta name=\"twitter:card\" content=\"summary_large_image\" \/>\n<script type=\"application\/ld+json\" class=\"yoast-schema-graph\">{\"@context\":\"https:\/\/schema.org\",\"@graph\":[{\"@type\":\"WebPage\",\"@id\":\"https:\/\/externagrup.com\/ca\/gestio-de-residus\/\",\"url\":\"https:\/\/externagrup.com\/ca\/gestio-de-residus\/\",\"name\":\"Gesti\u00f3 de Residus - Externa Grup\",\"isPartOf\":{\"@id\":\"https:\/\/externagrup.com\/ca\/#website\"},\"datePublished\":\"2020-11-29T21:50:09+00:00\",\"dateModified\":\"2025-12-23T15:28:02+00:00\",\"description\":\"Gr\u00e0cies a m\u00e9s de 25 anys d'experi\u00e8ncia, a Externa Grup garantim la correcta gesti\u00f3 de residus generats pels nostres clients.\",\"breadcrumb\":{\"@id\":\"https:\/\/externagrup.com\/ca\/gestio-de-residus\/#breadcrumb\"},\"inLanguage\":\"ca\",\"potentialAction\":[{\"@type\":\"ReadAction\",\"target\":[\"https:\/\/externagrup.com\/ca\/gestio-de-residus\/\"]}]},{\"@type\":\"BreadcrumbList\",\"@id\":\"https:\/\/externagrup.com\/ca\/gestio-de-residus\/#breadcrumb\",\"itemListElement\":[{\"@type\":\"ListItem\",\"position\":1,\"name\":\"Portada\",\"item\":\"https:\/\/externagrup.com\/ca\/?lang=ca\"},{\"@type\":\"ListItem\",\"position\":2,\"name\":\"Gesti\u00f3 de Residus\"}]},{\"@type\":\"WebSite\",\"@id\":\"https:\/\/externagrup.com\/ca\/#website\",\"url\":\"https:\/\/externagrup.com\/ca\/\",\"name\":\"Externa Grup\",\"description\":\"Gesti\u00f3n de Residuos\",\"publisher\":{\"@id\":\"https:\/\/externagrup.com\/ca\/#organization\"},\"potentialAction\":[{\"@type\":\"SearchAction\",\"target\":{\"@type\":\"EntryPoint\",\"urlTemplate\":\"https:\/\/externagrup.com\/ca\/?s={search_term_string}\"},\"query-input\":{\"@type\":\"PropertyValueSpecification\",\"valueRequired\":true,\"valueName\":\"search_term_string\"}}],\"inLanguage\":\"ca\"},{\"@type\":\"Organization\",\"@id\":\"https:\/\/externagrup.com\/ca\/#organization\",\"name\":\"Externa Grup\",\"url\":\"https:\/\/externagrup.com\/ca\/\",\"logo\":{\"@type\":\"ImageObject\",\"inLanguage\":\"ca\",\"@id\":\"https:\/\/externagrup.com\/ca\/#\/schema\/logo\/image\/\",\"url\":\"https:\/\/externagrup.com\/wp-content\/uploads\/2020\/11\/cropped-Logo-horizontal-sin-fondo-blanco.png\",\"contentUrl\":\"https:\/\/externagrup.com\/wp-content\/uploads\/2020\/11\/cropped-Logo-horizontal-sin-fondo-blanco.png\",\"width\":1501,\"height\":301,\"caption\":\"Externa Grup\"},\"image\":{\"@id\":\"https:\/\/externagrup.com\/ca\/#\/schema\/logo\/image\/\"}}]}<\/script>\n<!-- \/ Yoast SEO plugin. -->","yoast_head_json":{"title":"Gesti\u00f3 de Residus - Externa Grup","description":"Gr\u00e0cies a m\u00e9s de 25 anys d'experi\u00e8ncia, a Externa Grup garantim la correcta gesti\u00f3 de residus generats pels nostres clients.","robots":{"index":"index","follow":"follow","max-snippet":"max-snippet:-1","max-image-preview":"max-image-preview:large","max-video-preview":"max-video-preview:-1"},"canonical":"https:\/\/externagrup.com\/ca\/gestio-de-residus\/","og_locale":"ca_ES","og_type":"article","og_title":"Gesti\u00f3 de Residus - Externa Grup","og_description":"Gr\u00e0cies a m\u00e9s de 25 anys d'experi\u00e8ncia, a Externa Grup garantim la correcta gesti\u00f3 de residus generats pels nostres clients.","og_url":"https:\/\/externagrup.com\/ca\/gestio-de-residus\/","og_site_name":"Externa Grup","article_modified_time":"2025-12-23T15:28:02+00:00","twitter_card":"summary_large_image","schema":{"@context":"https:\/\/schema.org","@graph":[{"@type":"WebPage","@id":"https:\/\/externagrup.com\/ca\/gestio-de-residus\/","url":"https:\/\/externagrup.com\/ca\/gestio-de-residus\/","name":"Gesti\u00f3 de Residus - Externa Grup","isPartOf":{"@id":"https:\/\/externagrup.com\/ca\/#website"},"datePublished":"2020-11-29T21:50:09+00:00","dateModified":"2025-12-23T15:28:02+00:00","description":"Gr\u00e0cies a m\u00e9s de 25 anys d'experi\u00e8ncia, a Externa Grup garantim la correcta gesti\u00f3 de residus generats pels nostres clients.","breadcrumb":{"@id":"https:\/\/externagrup.com\/ca\/gestio-de-residus\/#breadcrumb"},"inLanguage":"ca","potentialAction":[{"@type":"ReadAction","target":["https:\/\/externagrup.com\/ca\/gestio-de-residus\/"]}]},{"@type":"BreadcrumbList","@id":"https:\/\/externagrup.com\/ca\/gestio-de-residus\/#breadcrumb","itemListElement":[{"@type":"ListItem","position":1,"name":"Portada","item":"https:\/\/externagrup.com\/ca\/?lang=ca"},{"@type":"ListItem","position":2,"name":"Gesti\u00f3 de Residus"}]},{"@type":"WebSite","@id":"https:\/\/externagrup.com\/ca\/#website","url":"https:\/\/externagrup.com\/ca\/","name":"Externa Grup","description":"Gesti\u00f3n de Residuos","publisher":{"@id":"https:\/\/externagrup.com\/ca\/#organization"},"potentialAction":[{"@type":"SearchAction","target":{"@type":"EntryPoint","urlTemplate":"https:\/\/externagrup.com\/ca\/?s={search_term_string}"},"query-input":{"@type":"PropertyValueSpecification","valueRequired":true,"valueName":"search_term_string"}}],"inLanguage":"ca"},{"@type":"Organization","@id":"https:\/\/externagrup.com\/ca\/#organization","name":"Externa Grup","url":"https:\/\/externagrup.com\/ca\/","logo":{"@type":"ImageObject","inLanguage":"ca","@id":"https:\/\/externagrup.com\/ca\/#\/schema\/logo\/image\/","url":"https:\/\/externagrup.com\/wp-content\/uploads\/2020\/11\/cropped-Logo-horizontal-sin-fondo-blanco.png","contentUrl":"https:\/\/externagrup.com\/wp-content\/uploads\/2020\/11\/cropped-Logo-horizontal-sin-fondo-blanco.png","width":1501,"height":301,"caption":"Externa Grup"},"image":{"@id":"https:\/\/externagrup.com\/ca\/#\/schema\/logo\/image\/"}}]}},"_links":{"self":[{"href":"https:\/\/externagrup.com\/ca\/wp-json\/wp\/v2\/pages\/372","targetHints":{"allow":["GET"]}}],"collection":[{"href":"https:\/\/externagrup.com\/ca\/wp-json\/wp\/v2\/pages"}],"about":[{"href":"https:\/\/externagrup.com\/ca\/wp-json\/wp\/v2\/types\/page"}],"author":[{"embeddable":true,"href":"https:\/\/externagrup.com\/ca\/wp-json\/wp\/v2\/users\/1"}],"replies":[{"embeddable":true,"href":"https:\/\/externagrup.com\/ca\/wp-json\/wp\/v2\/comments?post=372"}],"version-history":[{"count":0,"href":"https:\/\/externagrup.com\/ca\/wp-json\/wp\/v2\/pages\/372\/revisions"}],"wp:attachment":[{"href":"https:\/\/externagrup.com\/ca\/wp-json\/wp\/v2\/media?parent=372"}],"curies":[{"name":"wp","href":"https:\/\/api.w.org\/{rel}","templated":true}]}}