{"id":521,"date":"2020-12-04T13:58:58","date_gmt":"2020-12-04T13:58:58","guid":{"rendered":"https:\/\/externagrup.com\/?page_id=521"},"modified":"2020-12-22T17:03:31","modified_gmt":"2020-12-22T17:03:31","slug":"proces-de-gestio","status":"publish","type":"page","link":"https:\/\/externagrup.com\/ca\/proces-de-gestio\/","title":{"rendered":"Proc\u00e9s de gesti\u00f3"},"content":{"rendered":"\t\t<div data-elementor-type=\"wp-page\" data-elementor-id=\"521\" class=\"elementor elementor-521\" data-elementor-post-type=\"page\">\n\t\t\t\t\t\t<section class=\"elementor-section elementor-top-section elementor-element elementor-element-d92788c elementor-section-boxed elementor-section-height-default elementor-section-height-default\" data-id=\"d92788c\" data-element_type=\"section\">\n\t\t\t\t\t\t<div class=\"elementor-container elementor-column-gap-default\">\n\t\t\t\t\t<div class=\"elementor-column elementor-col-100 elementor-top-column elementor-element elementor-element-4659cd4\" data-id=\"4659cd4\" data-element_type=\"column\">\n\t\t\t<div class=\"elementor-widget-wrap elementor-element-populated\">\n\t\t\t\t\t\t<div class=\"elementor-element elementor-element-40fa671 elementor-widget elementor-widget-heading\" data-id=\"40fa671\" data-element_type=\"widget\" data-widget_type=\"heading.default\">\n\t\t\t\t<div class=\"elementor-widget-container\">\n\t\t\t\t\t<h2 class=\"elementor-heading-title elementor-size-default\">Proc\u00e9s de Gesti\u00f3 de Residus:<\/h2>\t\t\t\t<\/div>\n\t\t\t\t<\/div>\n\t\t\t\t<div class=\"elementor-element elementor-element-c42a70b elementor-widget elementor-widget-image\" data-id=\"c42a70b\" data-element_type=\"widget\" data-widget_type=\"image.default\">\n\t\t\t\t<div class=\"elementor-widget-container\">\n\t\t\t\t\t\t\t\t\t\t\t\t\t\t\t\t<a href=\"https:\/\/externagrup.com\/wp-content\/uploads\/2020\/12\/imagen2.jpg\" data-elementor-open-lightbox=\"no\">\n\t\t\t\t\t\t\t<img fetchpriority=\"high\" decoding=\"async\" width=\"825\" height=\"584\" src=\"https:\/\/externagrup.com\/wp-content\/uploads\/2020\/12\/imagen2.jpg\" class=\"attachment-large size-large wp-image-526\" alt=\"\" srcset=\"https:\/\/externagrup.com\/wp-content\/uploads\/2020\/12\/imagen2.jpg 842w, https:\/\/externagrup.com\/wp-content\/uploads\/2020\/12\/imagen2-300x212.jpg 300w, https:\/\/externagrup.com\/wp-content\/uploads\/2020\/12\/imagen2-768x544.jpg 768w\" sizes=\"(max-width: 825px) 100vw, 825px\" \/>\t\t\t\t\t\t\t\t<\/a>\n\t\t\t\t\t\t\t\t\t\t\t\t\t\t\t<\/div>\n\t\t\t\t<\/div>\n\t\t\t\t\t<\/div>\n\t\t<\/div>\n\t\t\t\t\t<\/div>\n\t\t<\/section>\n\t\t\t\t<\/div>\n\t\t","protected":false},"excerpt":{"rendered":"<p>Proc\u00e9s de Gesti\u00f3 de Residus:<\/p>\n","protected":false},"author":1,"featured_media":0,"parent":0,"menu_order":0,"comment_status":"closed","ping_status":"closed","template":"elementor_header_footer","meta":{"_joinchat":[],"footnotes":""},"class_list":["post-521","page","type-page","status-publish"],"yoast_head":"<!-- This site is optimized with the Yoast SEO plugin v26.6 - https:\/\/yoast.com\/wordpress\/plugins\/seo\/ -->\n<title>Proc\u00e9s de gesti\u00f3 - Externa Grup<\/title>\n<meta name=\"description\" content=\"Descobreix el nostre proc\u00e9s de recollida, transport i gesti\u00f3 integral de residus. Externa grup, m\u00e9s de 25 anys tenint cura del medi ambient.\" \/>\n<meta name=\"robots\" content=\"index, follow, max-snippet:-1, max-image-preview:large, max-video-preview:-1\" \/>\n<link rel=\"canonical\" href=\"https:\/\/externagrup.com\/ca\/proces-de-gestio\/\" \/>\n<meta property=\"og:locale\" content=\"ca_ES\" \/>\n<meta property=\"og:type\" content=\"article\" \/>\n<meta property=\"og:title\" content=\"Proc\u00e9s de gesti\u00f3 - Externa Grup\" \/>\n<meta property=\"og:description\" content=\"Descobreix el nostre proc\u00e9s de recollida, transport i gesti\u00f3 integral de residus. Externa grup, m\u00e9s de 25 anys tenint cura del medi ambient.\" \/>\n<meta property=\"og:url\" content=\"https:\/\/externagrup.com\/ca\/proces-de-gestio\/\" \/>\n<meta property=\"og:site_name\" content=\"Externa Grup\" \/>\n<meta property=\"article:modified_time\" content=\"2020-12-22T17:03:31+00:00\" \/>\n<meta property=\"og:image\" content=\"https:\/\/externagrup.com\/wp-content\/uploads\/2020\/12\/imagen2.jpg\" \/>\n<meta name=\"twitter:card\" content=\"summary_large_image\" \/>\n<script type=\"application\/ld+json\" class=\"yoast-schema-graph\">{\"@context\":\"https:\/\/schema.org\",\"@graph\":[{\"@type\":\"WebPage\",\"@id\":\"https:\/\/externagrup.com\/ca\/proces-de-gestio\/\",\"url\":\"https:\/\/externagrup.com\/ca\/proces-de-gestio\/\",\"name\":\"Proc\u00e9s de gesti\u00f3 - Externa Grup\",\"isPartOf\":{\"@id\":\"https:\/\/externagrup.com\/ca\/#website\"},\"primaryImageOfPage\":{\"@id\":\"https:\/\/externagrup.com\/ca\/proces-de-gestio\/#primaryimage\"},\"image\":{\"@id\":\"https:\/\/externagrup.com\/ca\/proces-de-gestio\/#primaryimage\"},\"thumbnailUrl\":\"https:\/\/externagrup.com\/wp-content\/uploads\/2020\/12\/imagen2.jpg\",\"datePublished\":\"2020-12-04T13:58:58+00:00\",\"dateModified\":\"2020-12-22T17:03:31+00:00\",\"description\":\"Descobreix el nostre proc\u00e9s de recollida, transport i gesti\u00f3 integral de residus. Externa grup, m\u00e9s de 25 anys tenint cura del medi ambient.\",\"breadcrumb\":{\"@id\":\"https:\/\/externagrup.com\/ca\/proces-de-gestio\/#breadcrumb\"},\"inLanguage\":\"ca\",\"potentialAction\":[{\"@type\":\"ReadAction\",\"target\":[\"https:\/\/externagrup.com\/ca\/proces-de-gestio\/\"]}]},{\"@type\":\"ImageObject\",\"inLanguage\":\"ca\",\"@id\":\"https:\/\/externagrup.com\/ca\/proces-de-gestio\/#primaryimage\",\"url\":\"https:\/\/externagrup.com\/wp-content\/uploads\/2020\/12\/imagen2.jpg\",\"contentUrl\":\"https:\/\/externagrup.com\/wp-content\/uploads\/2020\/12\/imagen2.jpg\"},{\"@type\":\"BreadcrumbList\",\"@id\":\"https:\/\/externagrup.com\/ca\/proces-de-gestio\/#breadcrumb\",\"itemListElement\":[{\"@type\":\"ListItem\",\"position\":1,\"name\":\"Portada\",\"item\":\"https:\/\/externagrup.com\/ca\/?lang=ca\"},{\"@type\":\"ListItem\",\"position\":2,\"name\":\"Proc\u00e9s de gesti\u00f3\"}]},{\"@type\":\"WebSite\",\"@id\":\"https:\/\/externagrup.com\/ca\/#website\",\"url\":\"https:\/\/externagrup.com\/ca\/\",\"name\":\"Externa Grup\",\"description\":\"Gesti\u00f3n de Residuos\",\"publisher\":{\"@id\":\"https:\/\/externagrup.com\/ca\/#organization\"},\"potentialAction\":[{\"@type\":\"SearchAction\",\"target\":{\"@type\":\"EntryPoint\",\"urlTemplate\":\"https:\/\/externagrup.com\/ca\/?s={search_term_string}\"},\"query-input\":{\"@type\":\"PropertyValueSpecification\",\"valueRequired\":true,\"valueName\":\"search_term_string\"}}],\"inLanguage\":\"ca\"},{\"@type\":\"Organization\",\"@id\":\"https:\/\/externagrup.com\/ca\/#organization\",\"name\":\"Externa Grup\",\"url\":\"https:\/\/externagrup.com\/ca\/\",\"logo\":{\"@type\":\"ImageObject\",\"inLanguage\":\"ca\",\"@id\":\"https:\/\/externagrup.com\/ca\/#\/schema\/logo\/image\/\",\"url\":\"https:\/\/externagrup.com\/wp-content\/uploads\/2020\/11\/cropped-Logo-horizontal-sin-fondo-blanco.png\",\"contentUrl\":\"https:\/\/externagrup.com\/wp-content\/uploads\/2020\/11\/cropped-Logo-horizontal-sin-fondo-blanco.png\",\"width\":1501,\"height\":301,\"caption\":\"Externa Grup\"},\"image\":{\"@id\":\"https:\/\/externagrup.com\/ca\/#\/schema\/logo\/image\/\"}}]}<\/script>\n<!-- \/ Yoast SEO plugin. -->","yoast_head_json":{"title":"Proc\u00e9s de gesti\u00f3 - Externa Grup","description":"Descobreix el nostre proc\u00e9s de recollida, transport i gesti\u00f3 integral de residus. Externa grup, m\u00e9s de 25 anys tenint cura del medi ambient.","robots":{"index":"index","follow":"follow","max-snippet":"max-snippet:-1","max-image-preview":"max-image-preview:large","max-video-preview":"max-video-preview:-1"},"canonical":"https:\/\/externagrup.com\/ca\/proces-de-gestio\/","og_locale":"ca_ES","og_type":"article","og_title":"Proc\u00e9s de gesti\u00f3 - Externa Grup","og_description":"Descobreix el nostre proc\u00e9s de recollida, transport i gesti\u00f3 integral de residus. Externa grup, m\u00e9s de 25 anys tenint cura del medi ambient.","og_url":"https:\/\/externagrup.com\/ca\/proces-de-gestio\/","og_site_name":"Externa Grup","article_modified_time":"2020-12-22T17:03:31+00:00","og_image":[{"url":"https:\/\/externagrup.com\/wp-content\/uploads\/2020\/12\/imagen2.jpg","type":"","width":"","height":""}],"twitter_card":"summary_large_image","schema":{"@context":"https:\/\/schema.org","@graph":[{"@type":"WebPage","@id":"https:\/\/externagrup.com\/ca\/proces-de-gestio\/","url":"https:\/\/externagrup.com\/ca\/proces-de-gestio\/","name":"Proc\u00e9s de gesti\u00f3 - Externa Grup","isPartOf":{"@id":"https:\/\/externagrup.com\/ca\/#website"},"primaryImageOfPage":{"@id":"https:\/\/externagrup.com\/ca\/proces-de-gestio\/#primaryimage"},"image":{"@id":"https:\/\/externagrup.com\/ca\/proces-de-gestio\/#primaryimage"},"thumbnailUrl":"https:\/\/externagrup.com\/wp-content\/uploads\/2020\/12\/imagen2.jpg","datePublished":"2020-12-04T13:58:58+00:00","dateModified":"2020-12-22T17:03:31+00:00","description":"Descobreix el nostre proc\u00e9s de recollida, transport i gesti\u00f3 integral de residus. Externa grup, m\u00e9s de 25 anys tenint cura del medi ambient.","breadcrumb":{"@id":"https:\/\/externagrup.com\/ca\/proces-de-gestio\/#breadcrumb"},"inLanguage":"ca","potentialAction":[{"@type":"ReadAction","target":["https:\/\/externagrup.com\/ca\/proces-de-gestio\/"]}]},{"@type":"ImageObject","inLanguage":"ca","@id":"https:\/\/externagrup.com\/ca\/proces-de-gestio\/#primaryimage","url":"https:\/\/externagrup.com\/wp-content\/uploads\/2020\/12\/imagen2.jpg","contentUrl":"https:\/\/externagrup.com\/wp-content\/uploads\/2020\/12\/imagen2.jpg"},{"@type":"BreadcrumbList","@id":"https:\/\/externagrup.com\/ca\/proces-de-gestio\/#breadcrumb","itemListElement":[{"@type":"ListItem","position":1,"name":"Portada","item":"https:\/\/externagrup.com\/ca\/?lang=ca"},{"@type":"ListItem","position":2,"name":"Proc\u00e9s de gesti\u00f3"}]},{"@type":"WebSite","@id":"https:\/\/externagrup.com\/ca\/#website","url":"https:\/\/externagrup.com\/ca\/","name":"Externa Grup","description":"Gesti\u00f3n de Residuos","publisher":{"@id":"https:\/\/externagrup.com\/ca\/#organization"},"potentialAction":[{"@type":"SearchAction","target":{"@type":"EntryPoint","urlTemplate":"https:\/\/externagrup.com\/ca\/?s={search_term_string}"},"query-input":{"@type":"PropertyValueSpecification","valueRequired":true,"valueName":"search_term_string"}}],"inLanguage":"ca"},{"@type":"Organization","@id":"https:\/\/externagrup.com\/ca\/#organization","name":"Externa Grup","url":"https:\/\/externagrup.com\/ca\/","logo":{"@type":"ImageObject","inLanguage":"ca","@id":"https:\/\/externagrup.com\/ca\/#\/schema\/logo\/image\/","url":"https:\/\/externagrup.com\/wp-content\/uploads\/2020\/11\/cropped-Logo-horizontal-sin-fondo-blanco.png","contentUrl":"https:\/\/externagrup.com\/wp-content\/uploads\/2020\/11\/cropped-Logo-horizontal-sin-fondo-blanco.png","width":1501,"height":301,"caption":"Externa Grup"},"image":{"@id":"https:\/\/externagrup.com\/ca\/#\/schema\/logo\/image\/"}}]}},"_links":{"self":[{"href":"https:\/\/externagrup.com\/ca\/wp-json\/wp\/v2\/pages\/521","targetHints":{"allow":["GET"]}}],"collection":[{"href":"https:\/\/externagrup.com\/ca\/wp-json\/wp\/v2\/pages"}],"about":[{"href":"https:\/\/externagrup.com\/ca\/wp-json\/wp\/v2\/types\/page"}],"author":[{"embeddable":true,"href":"https:\/\/externagrup.com\/ca\/wp-json\/wp\/v2\/users\/1"}],"replies":[{"embeddable":true,"href":"https:\/\/externagrup.com\/ca\/wp-json\/wp\/v2\/comments?post=521"}],"version-history":[{"count":0,"href":"https:\/\/externagrup.com\/ca\/wp-json\/wp\/v2\/pages\/521\/revisions"}],"wp:attachment":[{"href":"https:\/\/externagrup.com\/ca\/wp-json\/wp\/v2\/media?parent=521"}],"curies":[{"name":"wp","href":"https:\/\/api.w.org\/{rel}","templated":true}]}}